{"id":1449,"date":"2024-03-19T08:21:01","date_gmt":"2024-03-19T08:21:01","guid":{"rendered":"https:\/\/sinetemporensemble.com\/?page_id=1449"},"modified":"2025-05-26T09:17:51","modified_gmt":"2025-05-26T09:17:51","slug":"biografia","status":"publish","type":"page","link":"https:\/\/sinetemporensemble.com\/index.php\/biografia\/","title":{"rendered":"Biograf\u00eda"},"content":{"rendered":"<div class=\"wpb-content-wrapper\"><p>[vc_row css=\u00bb.vc_custom_1711376621294{margin-top: 0px !important;margin-bottom: 0px !important;padding-top: 50px !important;padding-bottom: 20px !important;}\u00bb][vc_column][vc_column_text css_animation=\u00bbbottom-to-top\u00bb]<\/p>\n<div class=\"styled-subtitle\" style=\"text-align: center;\"><span style=\"color: #a47b43;\">Chamber Orchestra<\/span><\/div>\n<p>[\/vc_column_text][vc_separator color=\u00bbcustom\u00bb border_width=\u00bb2&#8243; el_width=\u00bb30&#8243; accent_color=\u00bb#b1ac8b\u00bb][\/vc_column][\/vc_row][vc_row equal_height=\u00bbyes\u00bb el_disable_tablet=\u00bb1&#8243; el_disable_mobile=\u00bb1&#8243; css=\u00bb.vc_custom_1711377125966{margin-top: 0px !important;margin-bottom: 0px !important;padding-top: 0px !important;padding-bottom: 20px !important;}\u00bb el_id=\u00bbDESKTOP\u00bb][vc_column width=\u00bb1\/2&#8243;]<div class=\"clearboth\"><\/div><style>#thegem-divider-69f5f8d6879be {margin-top: 40px !important;}<\/style><div id=\"thegem-divider-69f5f8d6879be\" class=\"gem-divider  \" style=\"\" ><\/div>[vc_column_text css_animation=\u00bbbottom-to-top\u00bb]Formado por destacados m\u00fasicos de c\u00e1mara, todos ellos primeros atriles de renombradas orquestas sinf\u00f3nicas de nuestro pa\u00eds, Sine Tempore Ensemble es una formaci\u00f3n din\u00e1mica que abarca todas las facetas del repertorio para orquesta de cuerda y aspira a la realizaci\u00f3n de su ideal sonoro de la m\u00fasica rom\u00e1ntica.<\/p>\n<p>Bajo la direcci\u00f3n musical y art\u00edstica del violinista alban\u00e9s Darlin Dyle, concertino de la Orquesta Sinf\u00f3nica de la Regi\u00f3n de Murcia-OSRM, calidad, sensibilidad y pasi\u00f3n son cualidades que Sine Tempore Ensemble transmite al p\u00fablico en todas sus actuaciones.<\/p>\n<p>Con sede en Murcia, es la \u00aborquesta en residencia\u00bb del Ciclo Internacional de M\u00fasica de C\u00e1mara \u201cINTERMEZZO\u201d.[\/vc_column_text][\/vc_column][vc_column width=\u00bb1\/2&#8243; css=\u00bb.vc_custom_1748249576033{margin-top: 25px !important;margin-left: 50px !important;background-position: center !important;background-repeat: no-repeat !important;background-size: cover !important;}\u00bb][vc_single_image image=\u00bb1936&#8243; img_size=\u00bbfull\u00bb css=\u00bb\u00bb]<div class=\"clearboth\"><\/div><style>#thegem-divider-69f5f8d687a0c {margin-top: 32px !important;}<\/style><div id=\"thegem-divider-69f5f8d687a0c\" class=\"gem-divider  \" style=\"\" ><\/div>[\/vc_column][\/vc_row][vc_row full_width=\u00bbstretch_row_content\u00bb el_disable_desktop=\u00bb1&#8243; css=\u00bb.vc_custom_1711378285471{margin-top: 0px !important;margin-bottom: 0px !important;padding-bottom: 50px !important;}\u00bb el_id=\u00bbMOVIL\u00bb][vc_column width=\u00bb1\/2&#8243;][vc_column_text css_animation=\u00bbbottom-to-top\u00bb]Formado por destacados m\u00fasicos de c\u00e1mara, todos ellos primeros atriles de renombradas orquestas sinf\u00f3nicas de nuestro pa\u00eds, Sine Tempore Ensemble es una formaci\u00f3n din\u00e1mica que abarca todas las facetas del repertorio para orquesta de cuerda y aspira a la realizaci\u00f3n de su ideal sonoro de la m\u00fasica rom\u00e1ntica.<\/p>\n<p>Bajo la direcci\u00f3n musical y art\u00edstica del violinista alban\u00e9s Darlin Dyle, concertino de la Orquesta Sinf\u00f3nica de la Regi\u00f3n de Murcia-OSRM, calidad, sensibilidad y pasi\u00f3n son cualidades que Sine Tempore Ensemble transmite al p\u00fablico en todas sus actuaciones.<\/p>\n<p>Con sede en Murcia, es la \u00aborquesta en residencia\u00bb del Ciclo Internacional de M\u00fasica de C\u00e1mara \u201cINTERMEZZO\u201d.[\/vc_column_text][\/vc_column][vc_column width=\u00bb1\/2&#8243; css=\u00bb.vc_custom_1711036004120{background-position: center !important;background-repeat: no-repeat !important;background-size: cover !important;}\u00bb][vc_single_image image=\u00bb1936&#8243; img_size=\u00bbfull\u00bb css=\u00bb\u00bb][\/vc_column][\/vc_row][vc_row full_width=\u00bbstretch_row\u00bb css=\u00bb.vc_custom_1711365943426{background-color: #000000 !important;}\u00bb][vc_column][vc_column_text css=\u00bb.vc_custom_1711366225471{margin-top: 25px !important;}\u00bb css_animation=\u00bbbottom-to-top\u00bb]<\/p>\n<div class=\"title-h1\" style=\"text-align: center;\"><span class=\"light\" style=\"color: #b1ac8b;\">M\u00daSICOS PRINCIPALES<\/span><\/div>\n<p>[\/vc_column_text][vc_separator color=\u00bbcustom\u00bb border_width=\u00bb2&#8243; el_width=\u00bb30&#8243; accent_color=\u00bb#b1ac8b\u00bb]<div class=\"gem-team row inline-row gem-team-equal-height gem-team-style-1\" data-hover-colors=\"{&quot;background_color&quot;:&quot;#000000&quot;}\" >\n<div class=\"col-xs-12 inline-column\"> <div id=\"post-1676\" class=\"team-person centered-box default-background post-1676 thegem_team_person type-thegem_team_person status-publish has-post-thumbnail\" style=\"background-color: #000000; border-color: #000000\"> <div class=\"team-person-image\"><span><img width=\"240\" height=\"240\" src=\"https:\/\/sinetemporensemble.com\/wp-content\/uploads\/2024\/03\/Darling-BIG-thegem-person-240.jpg\" class=\"img-responsive wp-post-image\" alt=\"Darling-BIG\" srcset=\"https:\/\/sinetemporensemble.com\/wp-content\/uploads\/2024\/03\/Darling-BIG-thegem-person.jpg 2x\" sizes=\"100vw\" \/><\/span><\/div> <div class=\"team-person-info\"> <div class=\"team-person-name title-h4\" style=\"color: #b1ac8b\">Darl\u00edn Dyle<\/div> <div class=\"team-person-position date-color\" >Viol\u00edn - Concertino<\/div> <\/div> <a class=\"team-person-link\" href=\"https:\/\/sinetemporensemble.com\/index.php\/darlin-dyle\/\" target=\"_self\" aria-label=\"Darl\u00edn Dyle\"><\/a>\t<\/div>\n<\/div>\n<\/div><div class=\"gem-team row inline-row gem-team-equal-height gem-team-style-1\" data-hover-colors=\"{&quot;background_color&quot;:&quot;#000000&quot;}\" >\n<div class=\"col-md-3 col-sm-6 col-xs-12 inline-column\"> <div id=\"post-1464\" class=\"team-person centered-box default-background post-1464 thegem_team_person type-thegem_team_person status-publish has-post-thumbnail\" style=\"background-color: #000000; border-color: #000000\"> <div class=\"team-person-image\"><span><img width=\"240\" height=\"240\" src=\"https:\/\/sinetemporensemble.com\/wp-content\/uploads\/2024\/03\/Desislava_BIG-1-thegem-person-240.jpg\" class=\"img-responsive wp-post-image\" alt=\"Desislava_BIG\" srcset=\"https:\/\/sinetemporensemble.com\/wp-content\/uploads\/2024\/03\/Desislava_BIG-1-thegem-person.jpg 2x\" sizes=\"100vw\" \/><\/span><\/div> <div class=\"team-person-info\"> <div class=\"team-person-name title-h4\" style=\"color: #b1ac8b\">Desislava Cvetkova<\/div> <div class=\"team-person-position date-color\" >Viol\u00edn<\/div> <\/div> <a class=\"team-person-link\" href=\"https:\/\/sinetemporensemble.com\/index.php\/biografia\/desislava-cvetkova\/\" target=\"_self\" aria-label=\"Desislava Cvetkova\"><\/a>\t<\/div>\n<\/div> <div class=\"col-md-3 col-sm-6 col-xs-12 inline-column\"> <div id=\"post-1662\" class=\"team-person centered-box default-background post-1662 thegem_team_person type-thegem_team_person status-publish has-post-thumbnail\" style=\"background-color: #000000; border-color: #000000\"> <div class=\"team-person-image\"><span><img width=\"240\" height=\"240\" src=\"https:\/\/sinetemporensemble.com\/wp-content\/uploads\/2024\/03\/Jose-Nestor-BIG-1-thegem-person-240.jpg\" class=\"img-responsive wp-post-image\" alt=\"Jose-Nestor-BIG\" srcset=\"https:\/\/sinetemporensemble.com\/wp-content\/uploads\/2024\/03\/Jose-Nestor-BIG-1-thegem-person.jpg 2x\" sizes=\"100vw\" \/><\/span><\/div> <div class=\"team-person-info\"> <div class=\"team-person-name title-h4\" style=\"color: #b1ac8b\">Jos\u00e9 N\u00e9stor Tomas<\/div> <div class=\"team-person-position date-color\" >Viol\u00edn<\/div> <\/div> <a class=\"team-person-link\" href=\"https:\/\/sinetemporensemble.com\/index.php\/biografia\/jose-nestor-tomas-loba\/\" target=\"_self\" aria-label=\"Jos\u00e9 N\u00e9stor Tomas\"><\/a>\t<\/div>\n<\/div> <div class=\"col-md-3 col-sm-6 col-xs-12 inline-column\"> <div id=\"post-1665\" class=\"team-person centered-box default-background post-1665 thegem_team_person type-thegem_team_person status-publish has-post-thumbnail\" style=\"background-color: #000000; border-color: #000000\"> <div class=\"team-person-image\"><span><img width=\"240\" height=\"240\" src=\"https:\/\/sinetemporensemble.com\/wp-content\/uploads\/2024\/03\/Rumen-Cvetkov-BIG-1-thegem-person-240.jpg\" class=\"img-responsive wp-post-image\" alt=\"Rumen-Cvetkov-BIG\" srcset=\"https:\/\/sinetemporensemble.com\/wp-content\/uploads\/2024\/03\/Rumen-Cvetkov-BIG-1-thegem-person.jpg 2x\" sizes=\"100vw\" \/><\/span><\/div> <div class=\"team-person-info\"> <div class=\"team-person-name title-h4\" style=\"color: #b1ac8b\">Rumen Cvetkov<\/div> <div class=\"team-person-position date-color\" >Viola<\/div> <\/div> <a class=\"team-person-link\" href=\"https:\/\/sinetemporensemble.com\/index.php\/biografia\/rumen-cvetkov\/\" target=\"_self\" aria-label=\"Rumen Cvetkov\"><\/a>\t<\/div>\n<\/div> <div class=\"col-md-3 col-sm-6 col-xs-12 inline-column\"> <div id=\"post-1667\" class=\"team-person centered-box default-background post-1667 thegem_team_person type-thegem_team_person status-publish has-post-thumbnail\" style=\"background-color: #000000; border-color: #000000\"> <div class=\"team-person-image\"><span><img width=\"240\" height=\"240\" src=\"https:\/\/sinetemporensemble.com\/wp-content\/uploads\/2024\/03\/Lesster_BIG-1-thegem-person-240.jpg\" class=\"img-responsive wp-post-image\" alt=\"Lesster_BIG\" srcset=\"https:\/\/sinetemporensemble.com\/wp-content\/uploads\/2024\/03\/Lesster_BIG-1-thegem-person.jpg 2x\" sizes=\"100vw\" \/><\/span><\/div> <div class=\"team-person-info\"> <div class=\"team-person-name title-h4\" style=\"color: #b1ac8b\">Lesster F. Mejias<\/div> <div class=\"team-person-position date-color\" >Viola<\/div> <\/div> <a class=\"team-person-link\" href=\"https:\/\/sinetemporensemble.com\/index.php\/biografia\/lesster-f-mejias\/\" target=\"_self\" aria-label=\"Lesster F. Mejias\"><\/a>\t<\/div>\n<\/div> <div class=\"col-md-3 col-sm-6 col-xs-12 inline-column\"> <div id=\"post-1669\" class=\"team-person centered-box default-background post-1669 thegem_team_person type-thegem_team_person status-publish has-post-thumbnail\" style=\"background-color: #000000; border-color: #000000\"> <div class=\"team-person-image\"><span><img width=\"240\" height=\"240\" src=\"https:\/\/sinetemporensemble.com\/wp-content\/uploads\/2024\/03\/Miguel-Angel-BIG-1-thegem-person-240.jpg\" class=\"img-responsive wp-post-image\" alt=\"Miguel-Angel-BIG\" srcset=\"https:\/\/sinetemporensemble.com\/wp-content\/uploads\/2024\/03\/Miguel-Angel-BIG-1-thegem-person.jpg 2x\" sizes=\"100vw\" \/><\/span><\/div> <div class=\"team-person-info\"> <div class=\"team-person-name title-h4\" style=\"color: #b1ac8b\">Miguel \u00c1ngel Ros<\/div> <div class=\"team-person-position date-color\" >Chelo<\/div> <\/div> <a class=\"team-person-link\" href=\"https:\/\/sinetemporensemble.com\/index.php\/biografia\/miguel-angel-ros-soto\/\" target=\"_self\" aria-label=\"Miguel \u00c1ngel Ros\"><\/a>\t<\/div>\n<\/div> <div class=\"col-md-3 col-sm-6 col-xs-12 inline-column\"> <div id=\"post-1672\" class=\"team-person centered-box default-background post-1672 thegem_team_person type-thegem_team_person status-publish has-post-thumbnail\" style=\"background-color: #000000; border-color: #000000\"> <div class=\"team-person-image\"><span><img width=\"240\" height=\"240\" src=\"https:\/\/sinetemporensemble.com\/wp-content\/uploads\/2024\/03\/Andrea-BIG-1-thegem-person-240.jpg\" class=\"img-responsive wp-post-image\" alt=\"Andrea-BIG\" srcset=\"https:\/\/sinetemporensemble.com\/wp-content\/uploads\/2024\/03\/Andrea-BIG-1-thegem-person.jpg 2x\" sizes=\"100vw\" \/><\/span><\/div> <div class=\"team-person-info\"> <div class=\"team-person-name title-h4\" style=\"color: #b1ac8b\">Andrea Rescaglio<\/div> <div class=\"team-person-position date-color\" >Contrabajo<\/div> <\/div> <a class=\"team-person-link\" href=\"https:\/\/sinetemporensemble.com\/index.php\/biografia\/andrea-rescaglio\/\" target=\"_self\" aria-label=\"Andrea Rescaglio\"><\/a>\t<\/div>\n<\/div> <div class=\"col-md-3 col-sm-6 col-xs-12 inline-column\"> <div id=\"post-1941\" class=\"team-person centered-box default-background post-1941 thegem_team_person type-thegem_team_person status-publish has-post-thumbnail\" style=\"background-color: #000000; border-color: #000000\"> <div class=\"team-person-image\"><span><img width=\"240\" height=\"240\" src=\"https:\/\/sinetemporensemble.com\/wp-content\/uploads\/2025\/05\/Christophe-Morin-thegem-person-240.jpg\" class=\"img-responsive wp-post-image\" alt=\"Christophe-Morin\" srcset=\"https:\/\/sinetemporensemble.com\/wp-content\/uploads\/2025\/05\/Christophe-Morin-thegem-person.jpg 2x\" sizes=\"100vw\" \/><\/span><\/div> <div class=\"team-person-info\"> <div class=\"team-person-name title-h4\" style=\"color: #b1ac8b\">Christophe Morin<\/div> <div class=\"team-person-position date-color\" >Violonchelo<\/div> <\/div> <a class=\"team-person-link\" href=\"https:\/\/sinetemporensemble.com\/index.php\/biografia\/christophe-morin\/\" target=\"_self\" aria-label=\"Christophe Morin\"><\/a>\t<\/div>\n<\/div>\n<\/div>[\/vc_column][\/vc_row]<\/p>\n<\/div>","protected":false},"excerpt":{"rendered":"<p>[vc_row css=\u00bb.vc_custom_1711376621294{margin-top: 0px !important;margin-bottom: 0px !important;padding-top: 50px !important;padding-bottom: 20px !important;}\u00bb][vc_column][vc_column_text css_animation=\u00bbbottom-to-top\u00bb] Chamber Orchestra [\/vc_column_text][vc_separator color=\u00bbcustom\u00bb border_width=\u00bb2&#8243; el_width=\u00bb30&#8243; accent_color=\u00bb#b1ac8b\u00bb][\/vc_column][\/vc_row][vc_row equal_height=\u00bbyes\u00bb el_disable_tablet=\u00bb1&#8243;&#8230;<\/p>\n","protected":false},"author":1,"featured_media":0,"parent":0,"menu_order":0,"comment_status":"closed","ping_status":"open","template":"","meta":{"footnotes":""},"class_list":["post-1449","page","type-page","status-publish"],"_links":{"self":[{"href":"https:\/\/sinetemporensemble.com\/index.php\/wp-json\/wp\/v2\/pages\/1449","targetHints":{"allow":["GET"]}}],"collection":[{"href":"https:\/\/sinetemporensemble.com\/index.php\/wp-json\/wp\/v2\/pages"}],"about":[{"href":"https:\/\/sinetemporensemble.com\/index.php\/wp-json\/wp\/v2\/types\/page"}],"author":[{"embeddable":true,"href":"https:\/\/sinetemporensemble.com\/index.php\/wp-json\/wp\/v2\/users\/1"}],"replies":[{"embeddable":true,"href":"https:\/\/sinetemporensemble.com\/index.php\/wp-json\/wp\/v2\/comments?post=1449"}],"version-history":[{"count":53,"href":"https:\/\/sinetemporensemble.com\/index.php\/wp-json\/wp\/v2\/pages\/1449\/revisions"}],"predecessor-version":[{"id":1945,"href":"https:\/\/sinetemporensemble.com\/index.php\/wp-json\/wp\/v2\/pages\/1449\/revisions\/1945"}],"wp:attachment":[{"href":"https:\/\/sinetemporensemble.com\/index.php\/wp-json\/wp\/v2\/media?parent=1449"}],"curies":[{"name":"wp","href":"https:\/\/api.w.org\/{rel}","templated":true}]}}